{"id":1879,"date":"2017-06-22T12:20:12","date_gmt":"2017-06-22T10:20:12","guid":{"rendered":"http:\/\/www.winterstefan.com\/?page_id=1879"},"modified":"2017-06-22T12:39:35","modified_gmt":"2017-06-22T10:39:35","slug":"information","status":"publish","type":"page","link":"https:\/\/www.winterstefan.com\/de\/works\/living-colors\/information","title":{"rendered":"Living Colors &#8211; Information"},"content":{"rendered":"<p>&nbsp;<\/p>\n<p>Noriko Kura und Stefan Winter<br \/>\nLiving Colors \u2014 2017<\/p>\n<p>Color-Room- und 1-Kanal Video-Installation<br \/>\nLiving Colors<br \/>\nLive Klang und Musik-Auff\u00fchrung<br \/>\nmit<br \/>\nStefan Winter soundscapes, turntables<br \/>\nFumio Yasuda piano<br \/>\nJoachim Badenhorst saxophone, clarinet<\/p>\n<p>Heineken Jazz Festival<br \/>\nSan Sebastian<br \/>\n22. Juli 2017<\/p>\n<p>Klang-Farb-Raum- mit 1-Kanal Video-Installation<br \/>\nLiving Colors<br \/>\nwhiteBOX, Munich<br \/>\nM\u00e4rz 2017<\/p>\n<p><!--old --><\/p>\n<p>Die Performance-K\u00fcnstlerin und Malerin Noriko Kura und der Klangk\u00fcnstler Stefan Winter erkl\u00e4ren sich zum lebenden Kunstwerk.<br \/>\nBei ihrer Performance agieren Noriko Kura und Stefan Winter miteinander. Ihre Aktionen verschmelzen, K\u00fcnstler und Werk werden zu einer \u00fcbergreifenden Einheit. Aus dem Nichts heraus entstehen lebende Farben, K\u00f6rper und Klang. Es sind dies Momente des Ursprungs, des Anbeginns, des Aufbruchs. Die beiden K\u00fcnstler bewegen sich vollkommen frei und ohne Choreographie im Raum. Was entsteht, erw\u00e4chst aus der Situation und ist durch den Augenblick bestimmt: Bewegung, Grund, Einfluss. Musikalisch werden einzelne Fragmente des Komponisten Fumio Yasuda eingesetzt. Haupts\u00e4chlich sind w\u00e4hrend der Performance Ger\u00e4usche aus der Natur zu h\u00f6ren. Wellen, Regen, B\u00e4che, Fl\u00fcsse, Meeresrauschen, Kl\u00e4nge des Wassers also. Das Publikum in der whiteBOX wird Zeuge einer uneingeschr\u00e4nkten Sch\u00f6pfungsaktion. Die Performance im Raum ist der Stoff f\u00fcr das Videokunstwerk &#8222;Living Colors&#8220;. F\u00fcr Kamera und Bildsprache des Films ist Gernot Aschoff zust\u00e4ndig, Regisseur und Produzent ist Stefan Winter.<\/p>\n<p>Das Projekt &#8222;Living Colors&#8220; steht in Zusammenhang mit dem Themenschwerpunkt \u201eBody &amp; Space\u201c in der whiteBOX. Ausgehend von dem sich wandelnden Stadtraum Werksviertel erforscht die whiteBOX in unterschiedlichen Projekten die Beziehung zwischen Mensch und Raum im individuellen aber auch gesellschaftlichen Kontext und lotet pers\u00f6nliche und kollektive Gestaltungsr\u00e4ume, Grenzen und Grenz\u00fcberschreitungen aus.<\/p>\n","protected":false},"excerpt":{"rendered":"<p>&nbsp; Noriko Kura und Stefan Winter Living Colors \u2014 2017 Color-Room- und 1-Kanal Video-Installation Living Colors Live Klang und Musik-Auff\u00fchrung mit Stefan Winter soundscapes, turntables Fumio Yasuda piano Joachim Badenhorst saxophone, clarinet Heineken Jazz Festival San Sebastian 22. Juli 2017 Klang-Farb-Raum- mit 1-Kanal Video-Installation Living Colors whiteBOX, Munich M\u00e4rz 2017 Die Performance-K\u00fcnstlerin und Malerin Noriko [&hellip;]<\/p>\n","protected":false},"author":1,"featured_media":0,"parent":1300,"menu_order":0,"comment_status":"closed","ping_status":"closed","template":"","meta":{"ngg_post_thumbnail":0,"jetpack_post_was_ever_published":false,"footnotes":""},"class_list":["post-1879","page","type-page","status-publish","hentry"],"jetpack_sharing_enabled":true,"jetpack_shortlink":"https:\/\/wp.me\/P8tz6p-uj","jetpack-related-posts":[],"_links":{"self":[{"href":"https:\/\/www.winterstefan.com\/de\/wp-json\/wp\/v2\/pages\/1879","targetHints":{"allow":["GET"]}}],"collection":[{"href":"https:\/\/www.winterstefan.com\/de\/wp-json\/wp\/v2\/pages"}],"about":[{"href":"https:\/\/www.winterstefan.com\/de\/wp-json\/wp\/v2\/types\/page"}],"author":[{"embeddable":true,"href":"https:\/\/www.winterstefan.com\/de\/wp-json\/wp\/v2\/users\/1"}],"replies":[{"embeddable":true,"href":"https:\/\/www.winterstefan.com\/de\/wp-json\/wp\/v2\/comments?post=1879"}],"version-history":[{"count":2,"href":"https:\/\/www.winterstefan.com\/de\/wp-json\/wp\/v2\/pages\/1879\/revisions"}],"predecessor-version":[{"id":1885,"href":"https:\/\/www.winterstefan.com\/de\/wp-json\/wp\/v2\/pages\/1879\/revisions\/1885"}],"up":[{"embeddable":true,"href":"https:\/\/www.winterstefan.com\/de\/wp-json\/wp\/v2\/pages\/1300"}],"wp:attachment":[{"href":"https:\/\/www.winterstefan.com\/de\/wp-json\/wp\/v2\/media?parent=1879"}],"curies":[{"name":"wp","href":"https:\/\/api.w.org\/{rel}","templated":true}]}}